{"id":684,"date":"2018-05-09T14:35:09","date_gmt":"2018-05-09T12:35:09","guid":{"rendered":"http:\/\/rennes-le-chateau.org\/?page_id=684"},"modified":"2019-08-02T18:25:21","modified_gmt":"2019-08-02T16:25:21","slug":"autour-de-laffaire","status":"publish","type":"page","link":"https:\/\/rennes-le-chateau.org\/index.php\/autour-de-laffaire\/","title":{"rendered":"Autour de l&#8217;Affaire"},"content":{"rendered":"<h6><span style=\"color: #808080;\"><a href=\"https:\/\/rennes-le-chateau.org\/\"><span style=\"color: #999999;\">Accueil<\/span><\/a> \/<span style=\"color: #999999;\"> Autour de l&#8217;Affaire<\/span><\/span><\/h6>\n<h2 style=\"text-align: center;\"><div id=\"metaslider-id-972\" style=\"max-width: 800px; margin: 0 auto;\" class=\"ml-slider-3-98-0 metaslider metaslider-flex metaslider-972 ml-slider ms-theme-default\" role=\"region\" aria-roledescription=\"Slideshow\" aria-label=\"SS-AUTOUR-AFFAIRE\" data-width=\"800\">\n    <div id=\"metaslider_container_972\">\n        <div id=\"metaslider_972\" class=\"flexslider\">\n            <ul class='slides'>\n                <li style=\"display: block; width: 100%;\" class=\"slide-973 ms-image \" aria-roledescription=\"slide\" aria-label=\"slide-973\" data-date=\"2018-05-23 11:04:46\"><img data-recalc-dims=\"1\" loading=\"lazy\" decoding=\"async\" src=\"https:\/\/i0.wp.com\/rennes-le-chateau.org\/wp-content\/uploads\/2018\/05\/PP.jpg?resize=525%2C349&#038;ssl=1\" height=\"349\" width=\"525\" alt=\"Le Petit Parchemin de l&#039;affaire de Rennes-Le-Ch\u00e2teau\" class=\"slider-972 slide-973\" title=\"PP\" \/><\/li>\n                <li style=\"display: none; width: 100%;\" class=\"slide-974 ms-image \" aria-roledescription=\"slide\" aria-label=\"slide-974\" data-date=\"2018-05-23 11:06:35\"><img data-recalc-dims=\"1\" loading=\"lazy\" decoding=\"async\" src=\"https:\/\/i0.wp.com\/rennes-le-chateau.org\/wp-content\/uploads\/2018\/05\/Presbytere001.jpg?resize=525%2C349&#038;ssl=1\" height=\"349\" width=\"525\" alt=\"Le presbyt\u00e8re de Rennes-Le-Ch\u00e2teau o\u00f9 v\u00e9cu B\u00e9renger Sauni\u00e8re toute sa vie\" class=\"slider-972 slide-974\" title=\"Presbytere001\" \/><\/li>\n                <li style=\"display: none; width: 100%;\" class=\"slide-975 ms-image \" aria-roledescription=\"slide\" aria-label=\"slide-975\" data-date=\"2018-05-23 11:07:51\"><img data-recalc-dims=\"1\" loading=\"lazy\" decoding=\"async\" src=\"https:\/\/i0.wp.com\/rennes-le-chateau.org\/wp-content\/uploads\/2018\/05\/coumesourde.jpg?resize=525%2C349&#038;ssl=1\" height=\"349\" width=\"525\" alt=\"La Dalle de Coumesourde, c\u00e9l\u00e8bre pierre grav\u00e9e dans l&#039;affaire de Rennes-Le-Ch\u00e2teau\" class=\"slider-972 slide-975\" title=\"coumesourde\" \/><\/li>\n                <li style=\"display: none; width: 100%;\" class=\"slide-976 ms-image \" aria-roledescription=\"slide\" aria-label=\"slide-976\" data-date=\"2018-05-23 11:08:54\"><img data-recalc-dims=\"1\" loading=\"lazy\" decoding=\"async\" src=\"https:\/\/i0.wp.com\/rennes-le-chateau.org\/wp-content\/uploads\/2018\/05\/PLAN-DE-PARIS.jpg?resize=525%2C349&#038;ssl=1\" height=\"349\" width=\"525\" alt=\"Le Plan de Paris d\u00e9couvert dans les archives de B\u00e9renger Sauni\u00e8re\" class=\"slider-972 slide-976\" title=\"PLAN-DE-PARIS\" \/><\/li>\n                <li style=\"display: none; width: 100%;\" class=\"slide-977 ms-image \" aria-roledescription=\"slide\" aria-label=\"slide-977\" data-date=\"2018-05-23 11:10:06\"><img data-recalc-dims=\"1\" loading=\"lazy\" decoding=\"async\" src=\"https:\/\/i0.wp.com\/rennes-le-chateau.org\/wp-content\/uploads\/2018\/05\/FauteuilDiable002.jpg?resize=525%2C349&#038;ssl=1\" height=\"349\" width=\"525\" alt=\"Le Fauteuil du Diable \u00e0 la Source du Cercle - Bloc monolithique\" class=\"slider-972 slide-977\" title=\"FauteuilDiable002\" \/><\/li>\n                <li style=\"display: none; width: 100%;\" class=\"slide-978 ms-image \" aria-roledescription=\"slide\" aria-label=\"slide-978\" data-date=\"2018-05-23 11:10:47\"><img data-recalc-dims=\"1\" loading=\"lazy\" decoding=\"async\" src=\"https:\/\/i0.wp.com\/rennes-le-chateau.org\/wp-content\/uploads\/2018\/05\/DVC-01-01.jpg?resize=525%2C349&#038;ssl=1\" height=\"349\" width=\"525\" alt=\"Le Ch\u00e2teau Rennes avec le dessin de la Tour Magdala de Rennes-Le-Ch\u00e2teau dans le film Da Vinci Code\" class=\"slider-972 slide-978\" title=\"DVC-01-01\" \/><\/li>\n            <\/ul>\n        <\/div>\n        \n    <\/div>\n<\/div><\/h2>\n<h3><span style=\"color: #ff6600;\"><strong>Ce chapitre comprend trois grands th\u00e8mes :<\/strong><\/span><\/h3>\n<p>La d\u00e9couverte d&#8217;un <a href=\"http:\/\/rennes-le-chateau.org\/index.php\/un-patrimoine-protege\/\"><span style=\"color: #ff6600;\"><strong>patrimoine prot\u00e9g\u00e9<\/strong><\/span><\/a> enregistr\u00e9 eu monument de France impliquant un respect l\u00e9gal des lieux<\/p>\n<p>Pour vous des analyses\u00a0<span style=\"color: #ff6600;\"><strong><a style=\"color: #ff6600;\" href=\"http:\/\/rennes-le-chateau.org\/index.php\/des-enigmes\/\">des grandes \u00c9nigmes<\/a><\/strong><\/span> de l&#8217;affaire de Rennes-Le-Ch\u00e2teau :<\/p>\n<p style=\"padding-left: 30px;\"><span style=\"color: #ff6600;\"><a style=\"color: #ff6600;\" href=\"http:\/\/rennes-le-chateau.org\/index.php\/le-petit-parchemin\/\">Le Petit Parchemin\u00a0<\/a><br \/>\n<\/span><span style=\"color: #ff6600;\"><a style=\"color: #ff6600;\" href=\"http:\/\/rennes-le-chateau.org\/index.php\/le-grand-parchemin\/\">Le Grand Parchemin<\/a><br \/>\n<\/span><span style=\"color: #ff6600;\"><a style=\"color: #ff6600;\" href=\"http:\/\/rennes-le-chateau.org\/index.php\/le-presbytere-2\/\">Le Presbyt\u00e8re<\/a><br \/>\n<\/span><a href=\"http:\/\/rennes-le-chateau.org\/index.php\/les-pierres-gravees-2\/\"><span style=\"color: #ff6600;\">Les Pierres Grav\u00e9es<\/span><\/a><br \/>\n<a href=\"http:\/\/rennes-le-chateau.org\/index.php\/le-plan-de-paris\/\"><span style=\"color: #ff6600;\">Le Plan de Paris<\/span><\/a><br \/>\n<a href=\"http:\/\/rennes-le-chateau.org\/index.php\/le-fauteuil-du-diable\/\"><span style=\"color: #ff6600;\">Le Fauteuil du Diable<\/span><\/a><br \/>\n<a href=\"http:\/\/rennes-le-chateau.org\/index.php\/les-secrets-du-film-da-vinci-code\/\"><span style=\"color: #ff6600;\">Les secrets du Film Da Vinci Code<\/span><\/a><\/p>\n<hr \/>\n<p><a href=\"http:\/\/rennes-le-chateau.org\/index.php\/les-interviews\/\"><span style=\"color: #ff6600;\"><strong>D\u00e9couvrez les interviews de personnes<\/strong><\/span><\/a> passionn\u00e9es par l&#8217;affaire de Rennes-Le-Ch\u00e2teau :<\/p>\n<p style=\"padding-left: 30px;\"><span style=\"color: #ff6600;\"><a style=\"color: #ff6600;\" href=\"http:\/\/rennes-le-chateau.org\/index.php\/antoine-claire-captier\/\">Antoine &amp; Claire Captier<\/a><br \/>\n<\/span><a href=\"http:\/\/rennes-le-chateau.org\/index.php\/alain-chatillon\/\"><span style=\"color: #ff6600;\">Alain Chatillon<\/span><\/a><br \/>\n<a href=\"http:\/\/rennes-le-chateau.org\/index.php\/chantal-buthion\/\"><span style=\"color: #ff6600;\">Chantal Buthion<\/span><\/a><br \/>\n<a href=\"http:\/\/rennes-le-chateau.org\/index.php\/christian-doumergues\/\"><span style=\"color: #ff6600;\">Christian Doumergue<\/span><\/a><br \/>\n<a href=\"http:\/\/rennes-le-chateau.org\/index.php\/gino-sandri\/\"><span style=\"color: #ff6600;\">Gino Sandri<\/span><\/a><br \/>\n<a href=\"http:\/\/rennes-le-chateau.org\/index.php\/jf-lhuillier-ancien-maire-de-rlc\/\"><span style=\"color: #ff6600;\">Jean-Fran\u00e7ois Lhuillier, ancien maire de Rennes-Le-Ch\u00e2teau<\/span><\/a><br \/>\n<a href=\"http:\/\/rennes-le-chateau.org\/index.php\/jean-luc-chaumeil\/\"><span style=\"color: #ff6600;\">Jean-Luc Chaumeil<\/span><\/a><br \/>\n<a href=\"http:\/\/rennes-le-chateau.org\/index.php\/jean-pierre-garcia\/\"><span style=\"color: #ff6600;\">Jean-Pierre Garcia<\/span><\/a><br \/>\n<a href=\"http:\/\/rennes-le-chateau.org\/index.php\/octonovo\/\"><span style=\"color: #ff6600;\">Octonovo<\/span><\/a><br \/>\n<a href=\"http:\/\/rennes-le-chateau.org\/index.php\/sonia-moreu\/\"><span style=\"color: #ff6600;\">Sonia Moreu<\/span><\/a><\/p>\n","protected":false},"excerpt":{"rendered":"<p>Accueil \/ Autour de l&#8217;Affaire Ce chapitre comprend trois grands th\u00e8mes : La d\u00e9couverte d&#8217;un patrimoine prot\u00e9g\u00e9 enregistr\u00e9 eu monument de France impliquant un respect l\u00e9gal des lieux Pour vous des analyses\u00a0des grandes \u00c9nigmes de l&#8217;affaire de Rennes-Le-Ch\u00e2teau : Le Petit Parchemin\u00a0 Le Grand Parchemin Le Presbyt\u00e8re Les Pierres Grav\u00e9es Le Plan de Paris Le &hellip; <\/p>\n<p class=\"link-more\"><a href=\"https:\/\/rennes-le-chateau.org\/index.php\/autour-de-laffaire\/\" class=\"more-link\">Continuer la lecture<span class=\"screen-reader-text\"> de &laquo;&nbsp;Autour de l&#8217;Affaire&nbsp;&raquo;<\/span><\/a><\/p>\n","protected":false},"author":1,"featured_media":0,"parent":0,"menu_order":0,"comment_status":"closed","ping_status":"closed","template":"","meta":{"jetpack_post_was_ever_published":false,"footnotes":""},"class_list":["post-684","page","type-page","status-publish","hentry"],"jetpack_sharing_enabled":true,"jetpack_shortlink":"https:\/\/wp.me\/P9SxBn-b2","_links":{"self":[{"href":"https:\/\/rennes-le-chateau.org\/index.php\/wp-json\/wp\/v2\/pages\/684","targetHints":{"allow":["GET"]}}],"collection":[{"href":"https:\/\/rennes-le-chateau.org\/index.php\/wp-json\/wp\/v2\/pages"}],"about":[{"href":"https:\/\/rennes-le-chateau.org\/index.php\/wp-json\/wp\/v2\/types\/page"}],"author":[{"embeddable":true,"href":"https:\/\/rennes-le-chateau.org\/index.php\/wp-json\/wp\/v2\/users\/1"}],"replies":[{"embeddable":true,"href":"https:\/\/rennes-le-chateau.org\/index.php\/wp-json\/wp\/v2\/comments?post=684"}],"version-history":[{"count":10,"href":"https:\/\/rennes-le-chateau.org\/index.php\/wp-json\/wp\/v2\/pages\/684\/revisions"}],"predecessor-version":[{"id":1431,"href":"https:\/\/rennes-le-chateau.org\/index.php\/wp-json\/wp\/v2\/pages\/684\/revisions\/1431"}],"wp:attachment":[{"href":"https:\/\/rennes-le-chateau.org\/index.php\/wp-json\/wp\/v2\/media?parent=684"}],"curies":[{"name":"wp","href":"https:\/\/api.w.org\/{rel}","templated":true}]}}