{"id":395,"date":"2018-05-03T15:07:31","date_gmt":"2018-05-03T13:07:31","guid":{"rendered":"http:\/\/rennes-le-chateau.org\/?page_id=395"},"modified":"2024-05-08T11:50:29","modified_gmt":"2024-05-08T09:50:29","slug":"juin-1885-arrive-de-berenger-sauniere-a-rennes-le-chateau","status":"publish","type":"page","link":"https:\/\/rennes-le-chateau.org\/index.php\/le-site\/laffaire-berenger-sauniere\/juin-1885-arrive-de-berenger-sauniere-a-rennes-le-chateau\/","title":{"rendered":"Juin 1885 arriv\u00e9e de B\u00e9renger Sauni\u00e8re \u00e0 Rennes-Le-Ch\u00e2teau"},"content":{"rendered":"<h6><span style=\"color: #808080;\"><a href=\"https:\/\/rennes-le-chateau.org\/\"><span style=\"color: #999999;\">Accueil<\/span><\/a> \/<span style=\"color: #999999;\"> <a style=\"color: #999999;\" href=\"https:\/\/rennes-le-chateau.org\/index.php\/le-site\/\">Etudes et Analyses<\/a><\/span><\/span> \/ <span style=\"color: #999999;\"><a style=\"color: #999999;\" href=\"https:\/\/rennes-le-chateau.org\/index.php\/laffaire-berenger-sauniere\/\">L&#8217;affaire B\u00e9renger Sauni\u00e8re<\/a><\/span><\/h6>\n<figure id=\"attachment_455\" aria-describedby=\"caption-attachment-455\" style=\"width: 800px\" class=\"wp-caption aligncenter\"><img data-recalc-dims=\"1\" loading=\"lazy\" decoding=\"async\" class=\"size-full wp-image-455\" src=\"https:\/\/i0.wp.com\/rennes-le-chateau.org\/wp-content\/uploads\/2018\/05\/PanoRLC2.jpg?resize=525%2C144\" alt=\"Rennes-Le-Ch\u00e2teau - Une colline de verdure dans un pays aride\" width=\"525\" height=\"144\" srcset=\"https:\/\/i0.wp.com\/rennes-le-chateau.org\/wp-content\/uploads\/2018\/05\/PanoRLC2.jpg?w=800&amp;ssl=1 800w, https:\/\/i0.wp.com\/rennes-le-chateau.org\/wp-content\/uploads\/2018\/05\/PanoRLC2.jpg?resize=300%2C83&amp;ssl=1 300w, https:\/\/i0.wp.com\/rennes-le-chateau.org\/wp-content\/uploads\/2018\/05\/PanoRLC2.jpg?resize=768%2C211&amp;ssl=1 768w, https:\/\/i0.wp.com\/rennes-le-chateau.org\/wp-content\/uploads\/2018\/05\/PanoRLC2.jpg?resize=250%2C69&amp;ssl=1 250w, https:\/\/i0.wp.com\/rennes-le-chateau.org\/wp-content\/uploads\/2018\/05\/PanoRLC2.jpg?resize=350%2C96&amp;ssl=1 350w\" sizes=\"auto, (max-width: 767px) 89vw, (max-width: 1000px) 54vw, (max-width: 1071px) 543px, 580px\" \/><figcaption id=\"caption-attachment-455\" class=\"wp-caption-text\">Rennes-Le-Ch\u00e2teau &#8211; Une colline de verdure dans un pays aride<\/figcaption><\/figure>\n<p><span style=\"color: #ff6600;\"><strong>Tout commen\u00e7a le premier juin 1885<\/strong><\/span>. Montant \u00e0 pas lourd le chemin muletier qui reliait le village de Rennes-Le-Ch\u00e2teau \u00e0 la gare de Couiza, un pr\u00eatre suait sous la chaleur accablante de ce d\u00e9but d&#8217;\u00e9t\u00e9.<\/p>\n<p>Et pourtant il \u00e9tait habitu\u00e9 \u00e0 ces chaleurs ce jeune pr\u00eatre de 33 ans puisqu&#8217;il \u00e9tait natif d&#8217;un village juste au pied de la colline qu&#8217;il gravissait. Il \u00e9tait n\u00e9 en 1852 \u00e0 Montazel. Son p\u00e8re \u00e9tait le r\u00e9gisseur du domaine de Monsieur de Cazemajou, homme de confiance et homme pos\u00e9, les villageois l\u2019avaient \u00e9lu maire du village.<\/p>\n<p>B\u00e9renger Sauni\u00e8re, car tel \u00e9tait le nom de ce pr\u00eatre qui grimpait la colline, avait eu une enfance heureuse dans ce village de Montazel. Il avait souvent\u00a0 jou\u00e9 avec ses camarades sur cette place orn\u00e9e d&#8217;un bassin d&#8217;o\u00f9 des bronzes de dauphin laissaient \u00e9chapper l&#8217;eau de la source. Souvent, il avait arpent\u00e9 la garrigue autour de Rennes-Le-Ch\u00e2teau, se rappelant les histoires que racontaient, l&#8217;hiver, les anciens au coin du feu, sur les l\u00e9gendes de tr\u00e9sor que l&#8217;histoire de ce village rapportait.<\/p>\n<p>Il n&#8217;\u00e9tait donc pas en terre inconnue ce jeune pr\u00eatre, c&#8217;\u00e9tait presque un retour au pays apr\u00e8s trois ans pass\u00e9s dans la paroisse du Clat, village sauvage et perdu au fin fond du d\u00e9partement de l&#8217;Aude dans le Fenouill\u00e8de.<\/p>\n<p>Il avait la foi chevill\u00e9e au corps, <span style=\"color: #ff6600;\"><strong>il vivait Dieu, il respirait Dieu<\/strong><\/span>. Les mouvements politiques de son \u00e9poque le mettaient dans de folles col\u00e8res, lui pour qui seul un Roi pouvait \u00eatre \u00e0 la t\u00eate de la France et non pas l&#8217;un de ces m\u00e9cr\u00e9ants de radico-socialistes qui s\u00e9vissaient dans l&#8217;Aude en cette fin de XIX\u00e8me si\u00e8cle. <span style=\"color: #ff6600;\"><strong>Tel \u00e9tait B\u00e9renger Sauni\u00e8re en 1885.<\/strong><\/span><\/p>\n<figure id=\"attachment_348\" aria-describedby=\"caption-attachment-348\" style=\"width: 466px\" class=\"wp-caption aligncenter\"><img data-recalc-dims=\"1\" loading=\"lazy\" decoding=\"async\" class=\"size-full wp-image-348\" src=\"https:\/\/i0.wp.com\/rennes-le-chateau.org\/wp-content\/uploads\/2018\/05\/Sauni%C3%A8re.jpg?resize=466%2C350\" alt=\"B\u00e9renger Sauni\u00e8re, jeune.\" width=\"466\" height=\"350\" srcset=\"https:\/\/i0.wp.com\/rennes-le-chateau.org\/wp-content\/uploads\/2018\/05\/Sauni%C3%A8re.jpg?w=466&amp;ssl=1 466w, https:\/\/i0.wp.com\/rennes-le-chateau.org\/wp-content\/uploads\/2018\/05\/Sauni%C3%A8re.jpg?resize=300%2C225&amp;ssl=1 300w, https:\/\/i0.wp.com\/rennes-le-chateau.org\/wp-content\/uploads\/2018\/05\/Sauni%C3%A8re.jpg?resize=250%2C188&amp;ssl=1 250w, https:\/\/i0.wp.com\/rennes-le-chateau.org\/wp-content\/uploads\/2018\/05\/Sauni%C3%A8re.jpg?resize=350%2C263&amp;ssl=1 350w\" sizes=\"auto, (max-width: 466px) 100vw, 466px\" \/><figcaption id=\"caption-attachment-348\" class=\"wp-caption-text\">B\u00e9renger Sauni\u00e8re, jeune.<\/figcaption><\/figure>\n<p>Son arriv\u00e9e au village fut difficile. L&#8217;\u00e9glise \u00e9tait quasiment abandonn\u00e9e et la pluie tombait sur ses ouailles lorsqu&#8217;il disait la messe et pourtant, ils n\u2019\u00e9taient pas nombreux \u00e0 se rendre aux offices ; les hommes, quant \u00e0 eux, pr\u00e9f\u00e9raient se retrouver au caf\u00e9 pr\u00e8s de l&#8217;\u00e9glise.<\/p>\n<p>Puis les \u00e9lections l\u00e9gislatives de novembre 1885 arriv\u00e8rent et ce fut plus fort que lui ; un dimanche, en chaire, il demanda aux paroissiennes pr\u00e9sentent \u00e0 la messe, d&#8217;inciter leurs maris \u00e0 voter pour le parti du Comte de Chambord, le parti L\u00e9gitimiste, qui voulait devenir Roi de France et dont il avait la l\u00e9gitimit\u00e9 g\u00e9n\u00e9alogique.<\/p>\n<p>Cette prise de position d\u00e9plu particuli\u00e8rement au maire de Rennes-Le-Ch\u00e2teau qui se plaignit aupr\u00e8s du Pr\u00e9fet. La r\u00e9action du repr\u00e9sentant de l&#8217;Etat ne se fit pas attendre, <span style=\"color: #ff6600;\"><strong>il suspendit le salaire de B\u00e9renger Sauni\u00e8re.<\/strong><\/span> Monseigneur Billard, \u00e9v\u00eaque de Carcassonne et sup\u00e9rieur hi\u00e9rarchique de B\u00e9renger Sauni\u00e8re s&#8217;\u00e9mut de ce qui arrivait \u00e0 son cur\u00e9 de Rennes-Le-Ch\u00e2teau, il lui trouva une place de professeur au Grand S\u00e9minaire de Carcassonne.<\/p>\n<p>Cette d\u00e9cision allait \u00eatre l\u2019\u00e9v\u00e9nement qui allait changer la vie de B\u00e9renger Sauni\u00e8re <span style=\"color: #ff6600;\">d\u00e9clenchant un effet domino inattendu&#8230;<\/span><\/p>\n<p><strong><span style=\"color: #ff6600;\"><a style=\"color: #ff6600;\" href=\"http:\/\/rennes-le-chateau.org\/wp-content\/uploads\/2018\/05\/vieestraordinaire.pdf\" target=\"_blank\" rel=\"noopener noreferrer\">La Vie Extraordinaire de B\u00e9renger Sauni\u00e8re<\/a><\/span><\/strong>\u00a0&#8211; <span style=\"color: #000000;\"><em>Document PDF<\/em><\/span><\/p>\n<p><iframe loading=\"lazy\" title=\"InroSite\" width=\"525\" height=\"295\" src=\"https:\/\/www.youtube.com\/embed\/YbSy2gTyhyY?feature=oembed\" frameborder=\"0\" allow=\"accelerometer; autoplay; clipboard-write; encrypted-media; gyroscope; picture-in-picture; web-share\" referrerpolicy=\"strict-origin-when-cross-origin\" allowfullscreen><\/iframe><br \/>\nT\u00e9l\u00e9charger le fichier audio de la vid\u00e9o : <span style=\"color: #ff6600;\"><strong><a style=\"color: #ff6600;\" href=\"https:\/\/rennes-le-chateau.org\/wp-content\/uploads\/2019\/08\/InroSite.zip\">Les origines de l&#8217;affaire de Rennes-Le-Ch\u00e2teau<\/a><\/strong><\/span><img data-recalc-dims=\"1\" loading=\"lazy\" decoding=\"async\" class=\"size-thumbnail wp-image-1609 alignleft\" src=\"https:\/\/i0.wp.com\/rennes-le-chateau.org\/wp-content\/uploads\/2019\/08\/IconeHP.png?resize=25%2C25&#038;ssl=1\" alt=\"\" width=\"25\" height=\"25\" align=\"absmiddle\" \/><\/p>\n","protected":false},"excerpt":{"rendered":"<p>Accueil \/ Etudes et Analyses \/ L&#8217;affaire B\u00e9renger Sauni\u00e8re Tout commen\u00e7a le premier juin 1885. Montant \u00e0 pas lourd le chemin muletier qui reliait le village de Rennes-Le-Ch\u00e2teau \u00e0 la gare de Couiza, un pr\u00eatre suait sous la chaleur accablante de ce d\u00e9but d&#8217;\u00e9t\u00e9. Et pourtant il \u00e9tait habitu\u00e9 \u00e0 ces chaleurs ce jeune pr\u00eatre &hellip; <\/p>\n<p class=\"link-more\"><a href=\"https:\/\/rennes-le-chateau.org\/index.php\/le-site\/laffaire-berenger-sauniere\/juin-1885-arrive-de-berenger-sauniere-a-rennes-le-chateau\/\" class=\"more-link\">Continuer la lecture<span class=\"screen-reader-text\"> de &laquo;&nbsp;Juin 1885 arriv\u00e9e de B\u00e9renger Sauni\u00e8re \u00e0 Rennes-Le-Ch\u00e2teau&nbsp;&raquo;<\/span><\/a><\/p>\n","protected":false},"author":1,"featured_media":0,"parent":802,"menu_order":0,"comment_status":"open","ping_status":"closed","template":"","meta":{"jetpack_post_was_ever_published":false,"footnotes":""},"class_list":["post-395","page","type-page","status-publish","hentry"],"jetpack_sharing_enabled":true,"jetpack_shortlink":"https:\/\/wp.me\/P9SxBn-6n","_links":{"self":[{"href":"https:\/\/rennes-le-chateau.org\/index.php\/wp-json\/wp\/v2\/pages\/395","targetHints":{"allow":["GET"]}}],"collection":[{"href":"https:\/\/rennes-le-chateau.org\/index.php\/wp-json\/wp\/v2\/pages"}],"about":[{"href":"https:\/\/rennes-le-chateau.org\/index.php\/wp-json\/wp\/v2\/types\/page"}],"author":[{"embeddable":true,"href":"https:\/\/rennes-le-chateau.org\/index.php\/wp-json\/wp\/v2\/users\/1"}],"replies":[{"embeddable":true,"href":"https:\/\/rennes-le-chateau.org\/index.php\/wp-json\/wp\/v2\/comments?post=395"}],"version-history":[{"count":20,"href":"https:\/\/rennes-le-chateau.org\/index.php\/wp-json\/wp\/v2\/pages\/395\/revisions"}],"predecessor-version":[{"id":8427,"href":"https:\/\/rennes-le-chateau.org\/index.php\/wp-json\/wp\/v2\/pages\/395\/revisions\/8427"}],"up":[{"embeddable":true,"href":"https:\/\/rennes-le-chateau.org\/index.php\/wp-json\/wp\/v2\/pages\/802"}],"wp:attachment":[{"href":"https:\/\/rennes-le-chateau.org\/index.php\/wp-json\/wp\/v2\/media?parent=395"}],"curies":[{"name":"wp","href":"https:\/\/api.w.org\/{rel}","templated":true}]}}