{"id":1702,"date":"2019-08-31T10:21:03","date_gmt":"2019-08-31T08:21:03","guid":{"rendered":"https:\/\/rennes-le-chateau.org\/?page_id=1702"},"modified":"2019-08-31T18:45:24","modified_gmt":"2019-08-31T16:45:24","slug":"antique-rhedae-mysterieuse","status":"publish","type":"page","link":"https:\/\/rennes-le-chateau.org\/index.php\/le-site\/les-origines-de-rlc\/antique-rhedae-mysterieuse\/","title":{"rendered":"Antique Rh\u00e9dae myst\u00e9rieuse"},"content":{"rendered":"<p><span style=\"color: #ff6600;\">Le village de Rennes-Le-Ch\u00e2teau<\/span>, comme nous l\u2019avons vu dans le chapitre consacr\u00e9 \u00e0 son histoire, est riche de son pass\u00e9. Mais nous pouvons ais\u00e9ment distinguer deux aspects distincts de cette histoire, l\u2019une tr\u00e8s historique, presque acad\u00e9micienne, et une autre plus myst\u00e9rieuse se basant sur des hypoth\u00e8ses ne pouvant \u00eatre d\u00e9montr\u00e9es que par des fouilles arch\u00e9ologiques pour le moment interdites dans la commune par arr\u00eat\u00e9 municipal.<\/p>\n<p>Dans ce nouveau chapitre n<span style=\"color: #ff6600;\">ous allons aborder cette histoire myst\u00e9rieuse<\/span> en tentant de comprendre comment se pr\u00e9sentait le plateau au pied du village actuel de Rennes-Le-Ch\u00e2teau <span style=\"color: #ff6600;\">en s\u2019appuyant sur une d\u00e9couverte r\u00e9alis\u00e9e lors d\u2019une campagne de photographie a\u00e9rienne men\u00e9e par l\u2019Institut G\u00e9ographique Nationale (IGN) dans les ann\u00e9es 1970<\/span> pour la r\u00e9alisation de ses cartes \u00abd\u2019\u00e9tat major\u00bb.<\/p>\n<p>Ensuite nous nous approcherons de l\u2019\u00e9glise du village pour nous pencher sur <span style=\"color: #ff6600;\">des d\u00e9tails d\u2019architecture surprenants<\/span> pour ce village de Rennes-Le-Ch\u00e2teau. Bien que voulant tenter d\u2019\u00e9claircir le myst\u00e8re, nous semblons ne pouvoir que l\u2019\u00e9paissir au fur et \u00e0 mesure de nos \u00e9tudes ,,,<\/p>\n<p>Apr\u00e8s l&#8217;\u00e9tude de l&#8217;aspect historique de Rh\u00e9dae il parait incontestable que <span style=\"color: #ff6600;\">cette cit\u00e9 fut b\u00e2tie de la m\u00eame mani\u00e8re que Carcassonne<\/span>, prouvant ainsi son origine Wisigothique. Les deux parties distinctes comprenaient donc, une citadelle, ceinte de fortifications, et<span style=\"color: #ff6600;\"> en contrebas une ville basse<\/span> o\u00f9 \u00e9tait install\u00e9e la population.<\/p>\n<p>Devant la superficie du plateau de Rennes-Le-Ch\u00e2teau, on peut, en effet, supposer que <span style=\"color: #ff6600;\">Rh\u00e9dae devait avoir une importance quasi identique \u00e0 celle de Carcassonne.<\/span><\/p>\n<figure id=\"attachment_1713\" aria-describedby=\"caption-attachment-1713\" style=\"width: 453px\" class=\"wp-caption aligncenter\"><img data-recalc-dims=\"1\" loading=\"lazy\" decoding=\"async\" class=\"wp-image-1713\" title=\"Implantation de la Cit\u00e9 de Rh\u00e9dae\" src=\"https:\/\/i0.wp.com\/rennes-le-chateau.org\/wp-content\/uploads\/2019\/08\/rheade.jpg?resize=453%2C360&#038;ssl=1\" alt=\"Implantation de la Cit\u00e9 de Rh\u00e9dae\" width=\"453\" height=\"360\" srcset=\"https:\/\/i0.wp.com\/rennes-le-chateau.org\/wp-content\/uploads\/2019\/08\/rheade.jpg?w=778&amp;ssl=1 778w, https:\/\/i0.wp.com\/rennes-le-chateau.org\/wp-content\/uploads\/2019\/08\/rheade.jpg?resize=300%2C239&amp;ssl=1 300w, https:\/\/i0.wp.com\/rennes-le-chateau.org\/wp-content\/uploads\/2019\/08\/rheade.jpg?resize=768%2C611&amp;ssl=1 768w, https:\/\/i0.wp.com\/rennes-le-chateau.org\/wp-content\/uploads\/2019\/08\/rheade.jpg?resize=250%2C199&amp;ssl=1 250w, https:\/\/i0.wp.com\/rennes-le-chateau.org\/wp-content\/uploads\/2019\/08\/rheade.jpg?resize=350%2C278&amp;ssl=1 350w\" sizes=\"auto, (max-width: 453px) 100vw, 453px\" \/><figcaption id=\"caption-attachment-1713\" class=\"wp-caption-text\">Implantation de la Cit\u00e9 de Rh\u00e9dae<\/figcaption><\/figure>\n<p>Il y a quelques ann\u00e9es,<span style=\"color: #ff6600;\"> une photographie a\u00e9rienne r\u00e9v\u00e9la les traces d&#8217;une construction importante sur le plateau<\/span> au pied du village de Rennes-Le-Ch\u00e2teau.<\/p>\n<figure id=\"attachment_1709\" aria-describedby=\"caption-attachment-1709\" style=\"width: 198px\" class=\"wp-caption alignleft\"><img data-recalc-dims=\"1\" loading=\"lazy\" decoding=\"async\" class=\"wp-image-1709\" title=\"Un mausol\u00e9e sur le plateau de Rennes-Le-Ch\u00e2teau\" src=\"https:\/\/i0.wp.com\/rennes-le-chateau.org\/wp-content\/uploads\/2019\/08\/AR03.jpg?resize=198%2C157&#038;ssl=1\" alt=\"Un mausol\u00e9e sur le plateau de Rennes-Le-Ch\u00e2teau\" width=\"198\" height=\"157\" \/><figcaption id=\"caption-attachment-1709\" class=\"wp-caption-text\">Trace vue sur une photographie a\u00e9rienne sur le plateau de Rennes-Le-Ch\u00e2teau<\/figcaption><\/figure>\n<p><span style=\"color: #ff6600;\">Cette construction a la forme d&#8217;une \u00e9glise ou d\u2019un mausol\u00e9e aux grandes dimensions<\/span>. La structure semble \u00eatre compos\u00e9e de plusieurs parties bas\u00e9es sur des plans circulaires. Dans la partie centrale du plus gros cercle, il est possible de distinguer trois empreintes, ne pouvant rappeler des piliers mais <span style=\"color: #ff6600;\">pouvant \u00eatre assimil\u00e9s aux traces que laisseraient des tombeaux<\/span> ou des cavit\u00e9s<\/p>\n<p>Si ces traces sont celles laiss\u00e9es par des tombeaux, nous pouvons penser qu\u2019il s\u2019agit <span style=\"color: #ff6600;\">de lieux de s\u00e9pulture de d\u00e9funts ayant \u00e9t\u00e9 important de leurs vivants<\/span>, soit des personnalit\u00e9s religieuses ou bien des personnes la\u00efques mais probablement de noble souche.<\/p>\n<p>Si ces traces sont celles laiss\u00e9es par des tombeaux, nous pouvons penser qu\u2019il s\u2019agit de lieux de s\u00e9pulture de d\u00e9funts qui peuvent \u00eatre, soit des <span style=\"color: #ff6600;\">personnalit\u00e9s religieuses<\/span> ou bien des <span style=\"color: #ff6600;\">personnes la\u00efques<\/span> mais probablement de noble souche.<\/p>\n<figure id=\"attachment_1708\" aria-describedby=\"caption-attachment-1708\" style=\"width: 268px\" class=\"wp-caption alignleft\"><img data-recalc-dims=\"1\" loading=\"lazy\" decoding=\"async\" class=\"wp-image-1708\" title=\"Eglise de Bornholm\" src=\"https:\/\/i0.wp.com\/rennes-le-chateau.org\/wp-content\/uploads\/2019\/08\/AR02.jpg?resize=268%2C170&#038;ssl=1\" alt=\"Eglise de Bornholm\" width=\"268\" height=\"170\" \/><figcaption id=\"caption-attachment-1708\" class=\"wp-caption-text\">Eglise de Bornholm<\/figcaption><\/figure>\n<p>Dans l\u2019un de ses livres, \u00ab\u00a0<span style=\"color: #ff6600;\"><em>Le Temple Retrouv\u00e9\u00a0<\/em><\/span>\u00bb, l\u2019auteur anglais <span style=\"color: #ff6600;\">Henry Lincoln<\/span>, nous pr\u00e9sente les \u00e9glises de l&#8217;\u00eele de Bornholm. Leur structure est semblable \u00e0 l&#8217;empreinte de celle du plateau de Rennes-Le-Ch\u00e2teau.<\/p>\n<p><span style=\"color: #ff6600;\">Sur la photographie a\u00e9rienne du plateau de Rennes-Le-Ch\u00e2teau<\/span> o\u00f9 l&#8217;on voit cette empreinte, on remarque, en haut \u00e0 gauche, les traces d&#8217;une autre construction de forme carr\u00e9e. Nous retrouvons le m\u00eame type de construction proche des \u00e9glises de Bornh\u00f6lm.<\/p>\n<p><span style=\"text-decoration: underline;\"><img data-recalc-dims=\"1\" loading=\"lazy\" decoding=\"async\" class=\"alignright wp-image-1711\" src=\"https:\/\/i0.wp.com\/rennes-le-chateau.org\/wp-content\/uploads\/2019\/08\/AR05.jpg?resize=331%2C228&#038;ssl=1\" alt=\"\" width=\"331\" height=\"228\" \/><span style=\"color: #ff6600; text-decoration: underline;\">U<\/span><\/span><span style=\"color: #ff6600;\">ne repr\u00e9sentation artistique<\/span> nous pr\u00e9sente la forme possible de cette \u00e9glise et l&#8217;on peut remarquer sa ressemblance avec celles de Bornholm. Cette similitude, peut nous permettre de penser que les traces vues sur la photographie a\u00e9rienne peuvent \u00eatre celles d\u2019<span style=\"color: #ff6600;\">un \u00e9difice religieux d\u2019une taille \u00e9tonnante pour le site<\/span>.<\/p>\n<p>Si nous nous reportons aux travaux de <span style=\"color: #ff6600;\">Louis F\u00e9di\u00e9<\/span> et ceux de <span style=\"color: #ff6600;\">Jean-Alain Sipra<\/span>, nous savons que <span style=\"color: #ff6600;\">Rh\u00e9dae pouvait \u00eatre compar\u00e9e \u00e0 Carcassonne,<\/span> et en avait probablement la superficie et la m\u00eame importance.<\/p>\n<p>Dans la cadre de cette comparaison, nous pouvons parfaitement imaginer que la ville, au pied de la citadelle, poss\u00e9dait<span style=\"color: #ff6600;\"> un lieu de culte \u00e0 l\u2019image de son importance<\/span>. Ainsi, nous comprenons mieux l\u2019importance de cette empreinte, mais aussi la pr\u00e9sence, en son sein d\u2019\u00e9ventuelle tombeaux, qui dans ce cas pr\u00e9cis, ne peuvent \u00eatre que ceux des eccl\u00e9siastiques y ayant offici\u00e9.<span style=\"color: #ff6600;\"> Les tombeaux des Seigneurs de Rh\u00e9dae<\/span>, ne pouvant \u00eatre raisonnablement que <span style=\"color: #ff6600;\">dans l\u2019\u00e9glise comtale prot\u00e9g\u00e9e par les murs de la citadelle<\/span>.<\/p>\n<figure id=\"attachment_1717\" aria-describedby=\"caption-attachment-1717\" style=\"width: 371px\" class=\"wp-caption alignleft\"><img data-recalc-dims=\"1\" loading=\"lazy\" decoding=\"async\" class=\"wp-image-1717\" title=\"Panneau \u00e0 l'entr\u00e9e de Rennes-Le-Ch\u00e2teau\" src=\"https:\/\/i0.wp.com\/rennes-le-chateau.org\/wp-content\/uploads\/2019\/08\/VIL002.gif?resize=371%2C253&#038;ssl=1\" alt=\"Panneau \u00e0 l'entr\u00e9e du village de Rennes-Le-Ch\u00e2teau pr\u00e9cisant que les fouilles sont interdites sur les territoire de la commune\" width=\"371\" height=\"253\" \/><figcaption id=\"caption-attachment-1717\" class=\"wp-caption-text\">Panneau \u00e0 l&#8217;entr\u00e9e du village<\/figcaption><\/figure>\n<p>Le grand regret que nous pouvons avoir est <span style=\"color: #ff6600;\">l\u2019impossibilit\u00e9 de r\u00e9aliser des fouilles arch\u00e9ologiques officielles<\/span> permettant d\u2019affirmer ou infirmer cette hypoth\u00e8se de construction religieuse sur le plateau de Rennes-Le-Ch\u00e2teau. Il est important de se rappeler que <span style=\"color: #ff6600;\">Rennes-Le-Ch\u00e2teau est le seul village de France o\u00f9 les fouilles sont interdites par arr\u00eat\u00e9 municipal<\/span>.<\/p>\n<p><span style=\"color: #ff6600;\">De la ville basse qui entourait l&#8217;\u00e9glise, il ne reste plus rien<\/span>. Ce n&#8217;est pas le cas de la citadelle qui, petit \u00e0 petit, donn\u00e2t naissance au village de Rennes-Le-Ch\u00e2teau et dont l<span style=\"color: #ff6600;\">es noms des \u00ab\u00a0quartiers\u00a0\u00bb rappellent les anciennes d\u00e9nominations de la citadelle<\/span>. Parmi les restes b\u00e2tis, seul l<span style=\"color: #ff6600;\">e ch\u00e2teau des Hautpoul<\/span>, qui donn\u00e2t son nom au village actuel, et <strong><a href=\"https:\/\/rennes-le-chateau.org\/index.php\/le-site\/laffaire-berenger-sauniere\/les-travaux-de-berenger-sauniere\/la-restauration-de-leglise\/\"><span style=\"color: #ff6600;\">l&#8217;\u00e9glise Sainte-Marie-Madeleine<\/span><\/a><\/strong>, attestent de l&#8217;anciennet\u00e9 du village.<\/p>\n<figure id=\"attachment_1722\" aria-describedby=\"caption-attachment-1722\" style=\"width: 393px\" class=\"wp-caption alignright\"><img data-recalc-dims=\"1\" loading=\"lazy\" decoding=\"async\" class=\"wp-image-1722\" title=\"Eglise de Rennes-Le-Ch\u00e2teau\" src=\"https:\/\/i0.wp.com\/rennes-le-chateau.org\/wp-content\/uploads\/2019\/08\/LitreFuneraire01.jpg?resize=393%2C261&#038;ssl=1\" alt=\"Vue de l'\u00e9glise de Rennes-Le-Ch\u00e2teau depuis le cimeti\u00e8re\" width=\"393\" height=\"261\" srcset=\"https:\/\/i0.wp.com\/rennes-le-chateau.org\/wp-content\/uploads\/2019\/08\/LitreFuneraire01.jpg?w=2256&amp;ssl=1 2256w, https:\/\/i0.wp.com\/rennes-le-chateau.org\/wp-content\/uploads\/2019\/08\/LitreFuneraire01.jpg?resize=300%2C199&amp;ssl=1 300w, https:\/\/i0.wp.com\/rennes-le-chateau.org\/wp-content\/uploads\/2019\/08\/LitreFuneraire01.jpg?resize=768%2C511&amp;ssl=1 768w, https:\/\/i0.wp.com\/rennes-le-chateau.org\/wp-content\/uploads\/2019\/08\/LitreFuneraire01.jpg?resize=1024%2C681&amp;ssl=1 1024w, https:\/\/i0.wp.com\/rennes-le-chateau.org\/wp-content\/uploads\/2019\/08\/LitreFuneraire01.jpg?resize=250%2C166&amp;ssl=1 250w, https:\/\/i0.wp.com\/rennes-le-chateau.org\/wp-content\/uploads\/2019\/08\/LitreFuneraire01.jpg?resize=350%2C233&amp;ssl=1 350w, https:\/\/i0.wp.com\/rennes-le-chateau.org\/wp-content\/uploads\/2019\/08\/LitreFuneraire01.jpg?w=1575&amp;ssl=1 1575w\" sizes=\"auto, (max-width: 393px) 100vw, 393px\" \/><figcaption id=\"caption-attachment-1722\" class=\"wp-caption-text\">Vue de l&#8217;\u00e9glise de Rennes-Le-Ch\u00e2teau depuis le cimeti\u00e8re<\/figcaption><\/figure>\n<p><span style=\"color: #ff6600;\">Cette \u00e9glise a beaucoup \u00e9t\u00e9 transform\u00e9e par B\u00e9renger Sauni\u00e8re<\/span>, abb\u00e9 de la paroisse de 1885 \u00e0 1917, date de son d\u00e9c\u00e8s ; <span style=\"color: #ff6600;\">il nous est donc difficile de conna\u00eetre son aspect ant\u00e9rieur<\/span>. Seule une Universitaire, <span style=\"color: #ff6600;\">Madame Brigitte Lescure<\/span>, l\u2019a \u00e9tudi\u00e9e avec pr\u00e9cision puisqu\u2019elle a pris <span style=\"color: #ff6600;\">l\u2019histoire de Rennes-Le-Ch\u00e2teau et de son \u00e9glise comme sujet de th\u00e8se.<\/span><\/p>\n<p>En revanche, son aspect ext\u00e9rieur semble ne pas avoir subi de transformations majeures<\/p>\n<p><span style=\"color: #ff6600;\">Une rencontre avec M. Marrot<\/span>, ancien secr\u00e9taire de l&#8217;Association Terre de Rh\u00e9dae et d\u00e9c\u00e9d\u00e9 depuis, nous permis de \u00ab d\u00e9couvrir \u00bb <span style=\"color: #ff6600;\">un d\u00e9tail architectural d\u2019importance signifiant l\u2019importance de l&#8217;\u00e9glise Sainte-Marie-Madeleine<\/span>.<\/p>\n<figure id=\"attachment_1723\" aria-describedby=\"caption-attachment-1723\" style=\"width: 393px\" class=\"wp-caption alignleft\"><img data-recalc-dims=\"1\" loading=\"lazy\" decoding=\"async\" class=\"wp-image-1723\" title=\"Litre fun\u00e9raire de l'\u00e9glise de Rennes-Le-Ch\u00e2teau\" src=\"https:\/\/i0.wp.com\/rennes-le-chateau.org\/wp-content\/uploads\/2019\/08\/LitreFuneraire-1.jpg?resize=393%2C261&#038;ssl=1\" alt=\"Litre fun\u00e9raire sur l'\u00e9glise de Rennes-Le-Ch\u00e2teau\" width=\"393\" height=\"261\" srcset=\"https:\/\/i0.wp.com\/rennes-le-chateau.org\/wp-content\/uploads\/2019\/08\/LitreFuneraire-1.jpg?w=3008&amp;ssl=1 3008w, https:\/\/i0.wp.com\/rennes-le-chateau.org\/wp-content\/uploads\/2019\/08\/LitreFuneraire-1.jpg?resize=300%2C199&amp;ssl=1 300w, https:\/\/i0.wp.com\/rennes-le-chateau.org\/wp-content\/uploads\/2019\/08\/LitreFuneraire-1.jpg?resize=768%2C511&amp;ssl=1 768w, https:\/\/i0.wp.com\/rennes-le-chateau.org\/wp-content\/uploads\/2019\/08\/LitreFuneraire-1.jpg?resize=1024%2C681&amp;ssl=1 1024w, https:\/\/i0.wp.com\/rennes-le-chateau.org\/wp-content\/uploads\/2019\/08\/LitreFuneraire-1.jpg?resize=250%2C166&amp;ssl=1 250w, https:\/\/i0.wp.com\/rennes-le-chateau.org\/wp-content\/uploads\/2019\/08\/LitreFuneraire-1.jpg?resize=350%2C233&amp;ssl=1 350w, https:\/\/i0.wp.com\/rennes-le-chateau.org\/wp-content\/uploads\/2019\/08\/LitreFuneraire-1.jpg?w=1575&amp;ssl=1 1575w\" sizes=\"auto, (max-width: 393px) 100vw, 393px\" \/><figcaption id=\"caption-attachment-1723\" class=\"wp-caption-text\">La litre fun\u00e9raire visible \u00e0 l&#8217;ext\u00e9rieur de l&#8217;\u00e9glise<\/figcaption><\/figure>\n<p>A peu pr\u00e8s \u00e0 mi-hauteur, o<span style=\"color: #ff6600;\">n peut remarquer plusieurs rang\u00e9es de pierres de teinte plus claire que le reste des murs de l&#8217;\u00e9glise<\/span>. Ce ceinturage, en architecture, se nomme une <span style=\"color: #ff6600;\">LITRE<\/span><\/p>\n<p>Une litre ne figure pas sur tous les \u00e9difices religieux, mais seulement sur ceux qui h\u00e9bergent la s\u00e9pulture d\u2019un noble de haut rang, ou un personnage religieux important. <span style=\"color: #ff6600;\">Le 21 septembre 1891 B\u00e9renger Sauni\u00e8re note dans son cahier journal <em>\u00ab\u00a0<strong>\u2026 d\u00e9couverte d\u2019un tombeau\u2026<\/strong><\/em><strong>\u00a0<\/strong>\u00bb<\/span> Il semble que sa vie changea d\u00e8s lors, est-ce en relation avec l\u2019information qu\u2019apporte la litre\u00a0?<\/p>\n<p><strong><img data-recalc-dims=\"1\" loading=\"lazy\" decoding=\"async\" class=\"size-full wp-image-1609 alignleft\" src=\"https:\/\/i0.wp.com\/rennes-le-chateau.org\/wp-content\/uploads\/2019\/08\/IconeHP-e1566047268923.png?resize=25%2C25&#038;ssl=1\" alt=\"\" width=\"25\" height=\"25\" align=\"absmiddle\" \/>Ecoutez le texte de cette page au format MP3 :<\/strong><\/p>\n<!--[if lt IE 9]><script>document.createElement('audio');<\/script><![endif]-->\n<audio class=\"wp-audio-shortcode\" id=\"audio-1702-1\" preload=\"none\" style=\"width: 100%;\" controls=\"controls\"><source type=\"audio\/mpeg\" src=\"https:\/\/rennes-le-chateau.org\/wp-content\/uploads\/2019\/08\/La-Rhedae-Mysterieuse-03V2.mp3?_=1\" \/><a href=\"https:\/\/rennes-le-chateau.org\/wp-content\/uploads\/2019\/08\/La-Rhedae-Mysterieuse-03V2.mp3\">https:\/\/rennes-le-chateau.org\/wp-content\/uploads\/2019\/08\/La-Rhedae-Mysterieuse-03V2.mp3<\/a><\/audio>\n","protected":false},"excerpt":{"rendered":"<p>Le village de Rennes-Le-Ch\u00e2teau, comme nous l\u2019avons vu dans le chapitre consacr\u00e9 \u00e0 son histoire, est riche de son pass\u00e9. Mais nous pouvons ais\u00e9ment distinguer deux aspects distincts de cette histoire, l\u2019une tr\u00e8s historique, presque acad\u00e9micienne, et une autre plus myst\u00e9rieuse se basant sur des hypoth\u00e8ses ne pouvant \u00eatre d\u00e9montr\u00e9es que par des fouilles arch\u00e9ologiques &hellip; <\/p>\n<p class=\"link-more\"><a href=\"https:\/\/rennes-le-chateau.org\/index.php\/le-site\/les-origines-de-rlc\/antique-rhedae-mysterieuse\/\" class=\"more-link\">Continuer la lecture<span class=\"screen-reader-text\"> de &laquo;&nbsp;Antique Rh\u00e9dae myst\u00e9rieuse&nbsp;&raquo;<\/span><\/a><\/p>\n","protected":false},"author":1,"featured_media":0,"parent":105,"menu_order":0,"comment_status":"open","ping_status":"closed","template":"","meta":{"jetpack_post_was_ever_published":false,"footnotes":""},"class_list":["post-1702","page","type-page","status-publish","hentry"],"jetpack_sharing_enabled":true,"jetpack_shortlink":"https:\/\/wp.me\/P9SxBn-rs","_links":{"self":[{"href":"https:\/\/rennes-le-chateau.org\/index.php\/wp-json\/wp\/v2\/pages\/1702","targetHints":{"allow":["GET"]}}],"collection":[{"href":"https:\/\/rennes-le-chateau.org\/index.php\/wp-json\/wp\/v2\/pages"}],"about":[{"href":"https:\/\/rennes-le-chateau.org\/index.php\/wp-json\/wp\/v2\/types\/page"}],"author":[{"embeddable":true,"href":"https:\/\/rennes-le-chateau.org\/index.php\/wp-json\/wp\/v2\/users\/1"}],"replies":[{"embeddable":true,"href":"https:\/\/rennes-le-chateau.org\/index.php\/wp-json\/wp\/v2\/comments?post=1702"}],"version-history":[{"count":17,"href":"https:\/\/rennes-le-chateau.org\/index.php\/wp-json\/wp\/v2\/pages\/1702\/revisions"}],"predecessor-version":[{"id":1782,"href":"https:\/\/rennes-le-chateau.org\/index.php\/wp-json\/wp\/v2\/pages\/1702\/revisions\/1782"}],"up":[{"embeddable":true,"href":"https:\/\/rennes-le-chateau.org\/index.php\/wp-json\/wp\/v2\/pages\/105"}],"wp:attachment":[{"href":"https:\/\/rennes-le-chateau.org\/index.php\/wp-json\/wp\/v2\/media?parent=1702"}],"curies":[{"name":"wp","href":"https:\/\/api.w.org\/{rel}","templated":true}]}}