{"id":129,"date":"2018-04-30T15:47:54","date_gmt":"2018-04-30T13:47:54","guid":{"rendered":"http:\/\/rennes-le-chateau.org\/?page_id=129"},"modified":"2019-08-17T15:35:00","modified_gmt":"2019-08-17T13:35:00","slug":"les-n-inverses","status":"publish","type":"page","link":"https:\/\/rennes-le-chateau.org\/index.php\/le-site\/laffaire-berenger-sauniere\/des-elements-etranges\/les-n-inverses\/","title":{"rendered":"Les N invers\u00e9s"},"content":{"rendered":"<h6><span style=\"color: #808080;\"><a href=\"https:\/\/rennes-le-chateau.org\/\"><span style=\"color: #999999;\">Accueil<\/span><\/a> \/<span style=\"color: #999999;\"> <a style=\"color: #999999;\" href=\"https:\/\/rennes-le-chateau.org\/index.php\/le-site\/\">Etudes et Analyses<\/a><\/span><\/span> \/ <span style=\"color: #999999;\"><a style=\"color: #999999;\" href=\"https:\/\/rennes-le-chateau.org\/index.php\/laffaire-berenger-sauniere\/\">L&#8217;affaire B\u00e9renger Sauni\u00e8re<\/a><\/span>\u00a0 \/<span style=\"color: #808080;\">\u00a0<span style=\"color: #999999;\"><a style=\"color: #999999;\" href=\"https:\/\/rennes-le-chateau.org\/index.php\/des-elements-etranges\/\">Des \u00e9l\u00e9ments \u00e9tranges<\/a><\/span><\/span><\/h6>\n<p><span style=\"color: #ff6600;\">Apr\u00e8s avoir r\u00e9alis\u00e9 les jardins de l&#8217;\u00e9glise<\/span>, B\u00e9renger Sauni\u00e8re demanda l&#8217;octroi d&#8217;<span style=\"color: #ff6600;\">une concession \u00e0 perp\u00e9tuit\u00e9 dans le cimeti\u00e8re du village de Rennes-Le-Ch\u00e2teau<\/span> pour y r\u00e9aliser son futur tombeau. Le Conseil Municipal du village accepta la demande du pr\u00eatre et lui octroya une parcelle au fond du cimeti\u00e8re pr\u00e8s du mur du fond en remerciement des embellissements qu&#8217;il avait r\u00e9alis\u00e9 pour le village.<\/p>\n<p><span style=\"color: #ff6600;\">B\u00e9renger Sauni\u00e8re n&#8217;\u00e9tait pas homme \u00e0 s&#8217;en laisser compter<\/span> ni \u00e0 admettre des erreurs dans la r\u00e9alisation des diff\u00e9rents travaux qu&#8217;il lan\u00e7a. Lorsque l&#8217;on prend conscience de cela, on ne peut qu&#8217;\u00eatre \u00e9tonn\u00e9 d&#8217;<span style=\"color: #ff6600;\">un d\u00e9tail incongru sur sa tombe.<\/span><\/p>\n<p>Pourquoi le <span style=\"color: #ff6600;\">N de l&#8217;INRI<\/span> de la croix ornant sa tombe est il \u00e0 l&#8217;envers ?Pourquoi accepta t-il cela ?<\/p>\n<p><span style=\"color: #ff6600;\">Que repr\u00e9sente ces N invers\u00e9s que l&#8217;on croise tout autour de Rennes-Le-Ch\u00e2teau<\/span> mais aussi ailleurs en France ? Pourquoi <span style=\"color: #ff6600;\">une telle concentration de ces N invers\u00e9s autour de ce village<\/span> ?<\/p>\n<p><strong>Pour en savoir plus<\/strong> :\u00a0 <strong><span style=\"color: #ff6600;\"><a style=\"color: #ff6600;\" href=\"http:\/\/rennes-le-chateau.org\/wp-content\/uploads\/2018\/05\/les-N-inverses.pdf\" target=\"_blank\" rel=\"noopener noreferrer\">Les N invers\u00e9s<\/a><\/span><\/strong>\u00a0&#8211; <em>Document PDF<\/em><\/p>\n<p><iframe loading=\"lazy\" title=\"10- Les N invers\u00e9s\" width=\"525\" height=\"295\" src=\"https:\/\/www.youtube.com\/embed\/7dd73K_CTDM?feature=oembed\" frameborder=\"0\" allow=\"accelerometer; autoplay; clipboard-write; encrypted-media; gyroscope; picture-in-picture; web-share\" referrerpolicy=\"strict-origin-when-cross-origin\" allowfullscreen><\/iframe><\/p>\n<p><img data-recalc-dims=\"1\" loading=\"lazy\" decoding=\"async\" class=\"alignleft wp-image-1609 size-full\" src=\"https:\/\/i0.wp.com\/rennes-le-chateau.org\/wp-content\/uploads\/2019\/08\/IconeHP-e1566047268923.png?resize=25%2C25&#038;ssl=1\" alt=\"\" width=\"25\" height=\"25\" align=\"absmiddle\" \/>T\u00e9l\u00e9charger le fichier audio de la vid\u00e9o : <span style=\"color: #ff6600;\"><strong><a style=\"color: #ff6600;\" href=\"https:\/\/rennes-le-chateau.org\/wp-content\/uploads\/2019\/08\/10-Les-N-invers\u00e9s.zip\">Les N invers\u00e9s<\/a><\/strong><\/span><\/p>\n<p>&nbsp;<\/p>\n","protected":false},"excerpt":{"rendered":"<p>Accueil \/ Etudes et Analyses \/ L&#8217;affaire B\u00e9renger Sauni\u00e8re\u00a0 \/\u00a0Des \u00e9l\u00e9ments \u00e9tranges Apr\u00e8s avoir r\u00e9alis\u00e9 les jardins de l&#8217;\u00e9glise, B\u00e9renger Sauni\u00e8re demanda l&#8217;octroi d&#8217;une concession \u00e0 perp\u00e9tuit\u00e9 dans le cimeti\u00e8re du village de Rennes-Le-Ch\u00e2teau pour y r\u00e9aliser son futur tombeau. Le Conseil Municipal du village accepta la demande du pr\u00eatre et lui octroya une parcelle &hellip; <\/p>\n<p class=\"link-more\"><a href=\"https:\/\/rennes-le-chateau.org\/index.php\/le-site\/laffaire-berenger-sauniere\/des-elements-etranges\/les-n-inverses\/\" class=\"more-link\">Continuer la lecture<span class=\"screen-reader-text\"> de &laquo;&nbsp;Les N invers\u00e9s&nbsp;&raquo;<\/span><\/a><\/p>\n","protected":false},"author":1,"featured_media":0,"parent":127,"menu_order":0,"comment_status":"open","ping_status":"closed","template":"","meta":{"jetpack_post_was_ever_published":false,"footnotes":""},"class_list":["post-129","page","type-page","status-publish","hentry"],"jetpack_sharing_enabled":true,"jetpack_shortlink":"https:\/\/wp.me\/P9SxBn-25","_links":{"self":[{"href":"https:\/\/rennes-le-chateau.org\/index.php\/wp-json\/wp\/v2\/pages\/129","targetHints":{"allow":["GET"]}}],"collection":[{"href":"https:\/\/rennes-le-chateau.org\/index.php\/wp-json\/wp\/v2\/pages"}],"about":[{"href":"https:\/\/rennes-le-chateau.org\/index.php\/wp-json\/wp\/v2\/types\/page"}],"author":[{"embeddable":true,"href":"https:\/\/rennes-le-chateau.org\/index.php\/wp-json\/wp\/v2\/users\/1"}],"replies":[{"embeddable":true,"href":"https:\/\/rennes-le-chateau.org\/index.php\/wp-json\/wp\/v2\/comments?post=129"}],"version-history":[{"count":6,"href":"https:\/\/rennes-le-chateau.org\/index.php\/wp-json\/wp\/v2\/pages\/129\/revisions"}],"predecessor-version":[{"id":1687,"href":"https:\/\/rennes-le-chateau.org\/index.php\/wp-json\/wp\/v2\/pages\/129\/revisions\/1687"}],"up":[{"embeddable":true,"href":"https:\/\/rennes-le-chateau.org\/index.php\/wp-json\/wp\/v2\/pages\/127"}],"wp:attachment":[{"href":"https:\/\/rennes-le-chateau.org\/index.php\/wp-json\/wp\/v2\/media?parent=129"}],"curies":[{"name":"wp","href":"https:\/\/api.w.org\/{rel}","templated":true}]}}